{"id":73,"date":"2026-08-14T14:09:37","date_gmt":"2026-08-14T14:09:37","guid":{"rendered":"https:\/\/ajans12.com\/?post_type=a12_project&#038;p=73"},"modified":"2026-08-14T14:14:38","modified_gmt":"2026-08-14T14:14:38","slug":"beykoz-cavusbasi-mustakil-villa","status":"publish","type":"a12_project","link":"https:\/\/ajans12.com\/?a12_project=beykoz-cavusbasi-mustakil-villa","title":{"rendered":"Beykoz \u00c7avu\u015fba\u015f\u0131 M\u00fcstakil Villa"},"content":{"rendered":"\n<p class=\"wp-block-paragraph\">Beykoz \u00c7avu\u015fba\u015f\u0131\u2019nda yer alan \u0130stanbul manzaral\u0131 m\u00fcstakil bir kona\u011f\u0131n drone ve d\u0131\u015f mek\u00e2n \u00e7ekimlerinden haz\u0131rlad\u0131\u011f\u0131m tan\u0131t\u0131m videosu. <\/p>\n\n\n\n<p class=\"wp-block-paragraph\">\u00c7ekimde kona\u011f\u0131n genel mimarisi, bah\u00e7e alan\u0131, kapal\u0131 otopark b\u00f6l\u00fcm\u00fc, teraslar\u0131 ve \u00e7evresindeki manzara detaylar\u0131 \u00f6ne \u00e7\u0131kar\u0131ld\u0131. Konum itibar\u0131yla \u00c7aml\u0131ca Kulesi, \u00c7aml\u0131ca Camii, Fatih Sultan Mehmet K\u00f6pr\u00fcs\u00fc ve \u0130stanbul silueti g\u00f6r\u00fcnt\u00fclerde dikkat \u00e7eken unsurlar aras\u0131nda yer al\u0131yor. <\/p>\n\n\n\n<p class=\"wp-block-paragraph\">Bu video, villa \/ konak \/ m\u00fcstakil ev gibi \u00f6zel gayrimenkuller i\u00e7in haz\u0131rlanabilecek drone destekli tan\u0131t\u0131m \u00e7ekimlerine \u00f6rnek olarak haz\u0131rlanm\u0131\u015ft\u0131r. <\/p>\n\n\n\n<p class=\"wp-block-paragraph\">\u00c7ekim i\u00e7eri\u011fi: <\/p>\n\n\n\n<div class=\"wp-block-group is-vertical is-layout-flex wp-container-core-group-is-layout-4fc3f8e1 wp-block-group-is-layout-flex\">\n<p class=\"wp-block-paragraph\">\u2022 Drone d\u0131\u015f mek\u00e2n g\u00f6r\u00fcnt\u00fcleri <\/p>\n\n\n\n<p class=\"wp-block-paragraph\">\u2022 Konak genel g\u00f6r\u00fcn\u00fcm \u00e7ekimleri <\/p>\n\n\n\n<p class=\"wp-block-paragraph\">\u2022 Bah\u00e7e ve \u00e7evre detaylar\u0131 <\/p>\n\n\n\n<p class=\"wp-block-paragraph\">\u2022 Teras ve manzara planlar\u0131 <\/p>\n\n\n\n<p class=\"wp-block-paragraph\">\u2022 \u0130stanbul silueti ve \u00e7evre manzaras\u0131 <\/p>\n\n\n\n<p class=\"wp-block-paragraph\">\u2022 Gayrimenkul tan\u0131t\u0131m videosu kurgusu<\/p>\n\n\n\n<p class=\"wp-block-paragraph\"><\/p>\n<\/div>\n\n\n\n<p class=\"wp-block-paragraph\"><\/p>\n","protected":false},"excerpt":{"rendered":"<p>Beykoz \u00c7avu\u015fba\u015f\u0131\u2019nda yer alan \u0130stanbul manzaral\u0131 m\u00fcstakil bir kona\u011f\u0131n drone ve d\u0131\u015f mek\u00e2n \u00e7ekimlerinden haz\u0131rlad\u0131\u011f\u0131m tan\u0131t\u0131m videosu. \u00c7ekimde kona\u011f\u0131n genel mimarisi, bah\u00e7e alan\u0131, kapal\u0131 otopark b\u00f6l\u00fcm\u00fc, teraslar\u0131 ve \u00e7evresindeki manzara detaylar\u0131 \u00f6ne \u00e7\u0131kar\u0131ld\u0131. Konum itibar\u0131yla \u00c7aml\u0131ca Kulesi, \u00c7aml\u0131ca Camii, Fatih Sultan Mehmet K\u00f6pr\u00fcs\u00fc ve \u0130stanbul silueti g\u00f6r\u00fcnt\u00fclerde dikkat \u00e7eken unsurlar aras\u0131nda yer al\u0131yor. Bu video, [&hellip;]<\/p>\n","protected":false},"featured_media":74,"template":"","a12_project_category":[20],"class_list":["post-73","a12_project","type-a12_project","status-publish","has-post-thumbnail","hentry","a12_project_category-drone-360-drone"],"yoast_head":"<!-- This site is optimized with the Yoast SEO plugin v28.2 - https:\/\/yoast.com\/product\/yoast-seo-wordpress\/ -->\n<title>Beykoz \u00c7avu\u015fba\u015f\u0131 M\u00fcstakil Villa - AJANS 12<\/title>\n<meta name=\"robots\" content=\"index, follow, max-snippet:-1, max-image-preview:large, max-video-preview:-1\" \/>\n<link rel=\"canonical\" href=\"https:\/\/ajans12.com\/?a12_project=beykoz-cavusbasi-mustakil-villa\" \/>\n<meta property=\"og:locale\" content=\"tr_TR\" \/>\n<meta property=\"og:type\" content=\"article\" \/>\n<meta property=\"og:title\" content=\"Beykoz \u00c7avu\u015fba\u015f\u0131 M\u00fcstakil Villa - AJANS 12\" \/>\n<meta property=\"og:description\" content=\"Beykoz \u00c7avu\u015fba\u015f\u0131\u2019nda yer alan \u0130stanbul manzaral\u0131 m\u00fcstakil bir kona\u011f\u0131n drone ve d\u0131\u015f mek\u00e2n \u00e7ekimlerinden haz\u0131rlad\u0131\u011f\u0131m tan\u0131t\u0131m videosu. \u00c7ekimde kona\u011f\u0131n genel mimarisi, bah\u00e7e alan\u0131, kapal\u0131 otopark b\u00f6l\u00fcm\u00fc, teraslar\u0131 ve \u00e7evresindeki manzara detaylar\u0131 \u00f6ne \u00e7\u0131kar\u0131ld\u0131. Konum itibar\u0131yla \u00c7aml\u0131ca Kulesi, \u00c7aml\u0131ca Camii, Fatih Sultan Mehmet K\u00f6pr\u00fcs\u00fc ve \u0130stanbul silueti g\u00f6r\u00fcnt\u00fclerde dikkat \u00e7eken unsurlar aras\u0131nda yer al\u0131yor. Bu video, [&hellip;]\" \/>\n<meta property=\"og:url\" content=\"https:\/\/ajans12.com\/?a12_project=beykoz-cavusbasi-mustakil-villa\" \/>\n<meta property=\"og:site_name\" content=\"AJANS 12\" \/>\n<meta property=\"article:modified_time\" content=\"2026-08-14T14:14:38+00:00\" \/>\n<meta property=\"og:image\" content=\"https:\/\/ajans12.com\/wp-content\/uploads\/2026\/08\/kahverengi_Konak.jpg\" \/>\n\t<meta property=\"og:image:width\" content=\"1200\" \/>\n\t<meta property=\"og:image:height\" content=\"600\" \/>\n\t<meta property=\"og:image:type\" content=\"image\/jpeg\" \/>\n<meta name=\"twitter:card\" content=\"summary_large_image\" \/>\n<meta name=\"twitter:label1\" content=\"Tahmini okuma s\u00fcresi\" \/>\n\t<meta name=\"twitter:data1\" content=\"1 dakika\" \/>\n<script type=\"application\/ld+json\" class=\"yoast-schema-graph\">{\"@context\":\"https:\\\/\\\/schema.org\",\"@graph\":[{\"@type\":\"WebPage\",\"@id\":\"https:\\\/\\\/ajans12.com\\\/?a12_project=beykoz-cavusbasi-mustakil-villa\",\"url\":\"https:\\\/\\\/ajans12.com\\\/?a12_project=beykoz-cavusbasi-mustakil-villa\",\"name\":\"Beykoz \u00c7avu\u015fba\u015f\u0131 M\u00fcstakil Villa - AJANS 12\",\"isPartOf\":{\"@id\":\"https:\\\/\\\/ajans12.com\\\/#website\"},\"primaryImageOfPage\":{\"@id\":\"https:\\\/\\\/ajans12.com\\\/?a12_project=beykoz-cavusbasi-mustakil-villa#primaryimage\"},\"image\":{\"@id\":\"https:\\\/\\\/ajans12.com\\\/?a12_project=beykoz-cavusbasi-mustakil-villa#primaryimage\"},\"thumbnailUrl\":\"https:\\\/\\\/ajans12.com\\\/wp-content\\\/uploads\\\/2026\\\/08\\\/kahverengi_Konak.jpg\",\"datePublished\":\"2026-08-14T14:09:37+00:00\",\"dateModified\":\"2026-08-14T14:14:38+00:00\",\"breadcrumb\":{\"@id\":\"https:\\\/\\\/ajans12.com\\\/?a12_project=beykoz-cavusbasi-mustakil-villa#breadcrumb\"},\"inLanguage\":\"tr\",\"potentialAction\":[{\"@type\":\"ReadAction\",\"target\":[\"https:\\\/\\\/ajans12.com\\\/?a12_project=beykoz-cavusbasi-mustakil-villa\"]}]},{\"@type\":\"ImageObject\",\"inLanguage\":\"tr\",\"@id\":\"https:\\\/\\\/ajans12.com\\\/?a12_project=beykoz-cavusbasi-mustakil-villa#primaryimage\",\"url\":\"https:\\\/\\\/ajans12.com\\\/wp-content\\\/uploads\\\/2026\\\/08\\\/kahverengi_Konak.jpg\",\"contentUrl\":\"https:\\\/\\\/ajans12.com\\\/wp-content\\\/uploads\\\/2026\\\/08\\\/kahverengi_Konak.jpg\",\"width\":1200,\"height\":600},{\"@type\":\"BreadcrumbList\",\"@id\":\"https:\\\/\\\/ajans12.com\\\/?a12_project=beykoz-cavusbasi-mustakil-villa#breadcrumb\",\"itemListElement\":[{\"@type\":\"ListItem\",\"position\":1,\"name\":\"Anasayfa\",\"item\":\"https:\\\/\\\/ajans12.com\\\/\"},{\"@type\":\"ListItem\",\"position\":2,\"name\":\"Projeler\",\"item\":\"https:\\\/\\\/ajans12.com\\\/?post_type=a12_project\"},{\"@type\":\"ListItem\",\"position\":3,\"name\":\"Beykoz \u00c7avu\u015fba\u015f\u0131 M\u00fcstakil Villa\"}]},{\"@type\":\"WebSite\",\"@id\":\"https:\\\/\\\/ajans12.com\\\/#website\",\"url\":\"https:\\\/\\\/ajans12.com\\\/\",\"name\":\"AJANS 12\",\"description\":\"Markan\u0131z\u0131 G\u00f6r\u00fcn\u00fcr, Hik\u00e2yenizi Unutulmaz K\u0131l\u0131yoruz.\",\"publisher\":{\"@id\":\"https:\\\/\\\/ajans12.com\\\/#organization\"},\"potentialAction\":[{\"@type\":\"SearchAction\",\"target\":{\"@type\":\"EntryPoint\",\"urlTemplate\":\"https:\\\/\\\/ajans12.com\\\/?s={search_term_string}\"},\"query-input\":{\"@type\":\"PropertyValueSpecification\",\"valueRequired\":true,\"valueName\":\"search_term_string\"}}],\"inLanguage\":\"tr\"},{\"@type\":\"Organization\",\"@id\":\"https:\\\/\\\/ajans12.com\\\/#organization\",\"name\":\"AJANS 12\",\"url\":\"https:\\\/\\\/ajans12.com\\\/\",\"logo\":{\"@type\":\"ImageObject\",\"inLanguage\":\"tr\",\"@id\":\"https:\\\/\\\/ajans12.com\\\/#\\\/schema\\\/logo\\\/image\\\/\",\"url\":\"https:\\\/\\\/ajans12.com\\\/wp-content\\\/uploads\\\/2026\\\/08\\\/cropped-Ajans_12_Vector_Logo_3D_200px.png\",\"contentUrl\":\"https:\\\/\\\/ajans12.com\\\/wp-content\\\/uploads\\\/2026\\\/08\\\/cropped-Ajans_12_Vector_Logo_3D_200px.png\",\"width\":200,\"height\":178,\"caption\":\"AJANS 12\"},\"image\":{\"@id\":\"https:\\\/\\\/ajans12.com\\\/#\\\/schema\\\/logo\\\/image\\\/\"}}]}<\/script>\n<!-- \/ Yoast SEO plugin. -->","yoast_head_json":{"title":"Beykoz \u00c7avu\u015fba\u015f\u0131 M\u00fcstakil Villa - AJANS 12","robots":{"index":"index","follow":"follow","max-snippet":"max-snippet:-1","max-image-preview":"max-image-preview:large","max-video-preview":"max-video-preview:-1"},"canonical":"https:\/\/ajans12.com\/?a12_project=beykoz-cavusbasi-mustakil-villa","og_locale":"tr_TR","og_type":"article","og_title":"Beykoz \u00c7avu\u015fba\u015f\u0131 M\u00fcstakil Villa - AJANS 12","og_description":"Beykoz \u00c7avu\u015fba\u015f\u0131\u2019nda yer alan \u0130stanbul manzaral\u0131 m\u00fcstakil bir kona\u011f\u0131n drone ve d\u0131\u015f mek\u00e2n \u00e7ekimlerinden haz\u0131rlad\u0131\u011f\u0131m tan\u0131t\u0131m videosu. \u00c7ekimde kona\u011f\u0131n genel mimarisi, bah\u00e7e alan\u0131, kapal\u0131 otopark b\u00f6l\u00fcm\u00fc, teraslar\u0131 ve \u00e7evresindeki manzara detaylar\u0131 \u00f6ne \u00e7\u0131kar\u0131ld\u0131. Konum itibar\u0131yla \u00c7aml\u0131ca Kulesi, \u00c7aml\u0131ca Camii, Fatih Sultan Mehmet K\u00f6pr\u00fcs\u00fc ve \u0130stanbul silueti g\u00f6r\u00fcnt\u00fclerde dikkat \u00e7eken unsurlar aras\u0131nda yer al\u0131yor. Bu video, [&hellip;]","og_url":"https:\/\/ajans12.com\/?a12_project=beykoz-cavusbasi-mustakil-villa","og_site_name":"AJANS 12","article_modified_time":"2026-08-14T14:14:38+00:00","og_image":[{"width":1200,"height":600,"url":"https:\/\/ajans12.com\/wp-content\/uploads\/2026\/08\/kahverengi_Konak.jpg","type":"image\/jpeg"}],"twitter_card":"summary_large_image","twitter_misc":{"Tahmini okuma s\u00fcresi":"1 dakika"},"schema":{"@context":"https:\/\/schema.org","@graph":[{"@type":"WebPage","@id":"https:\/\/ajans12.com\/?a12_project=beykoz-cavusbasi-mustakil-villa","url":"https:\/\/ajans12.com\/?a12_project=beykoz-cavusbasi-mustakil-villa","name":"Beykoz \u00c7avu\u015fba\u015f\u0131 M\u00fcstakil Villa - AJANS 12","isPartOf":{"@id":"https:\/\/ajans12.com\/#website"},"primaryImageOfPage":{"@id":"https:\/\/ajans12.com\/?a12_project=beykoz-cavusbasi-mustakil-villa#primaryimage"},"image":{"@id":"https:\/\/ajans12.com\/?a12_project=beykoz-cavusbasi-mustakil-villa#primaryimage"},"thumbnailUrl":"https:\/\/ajans12.com\/wp-content\/uploads\/2026\/08\/kahverengi_Konak.jpg","datePublished":"2026-08-14T14:09:37+00:00","dateModified":"2026-08-14T14:14:38+00:00","breadcrumb":{"@id":"https:\/\/ajans12.com\/?a12_project=beykoz-cavusbasi-mustakil-villa#breadcrumb"},"inLanguage":"tr","potentialAction":[{"@type":"ReadAction","target":["https:\/\/ajans12.com\/?a12_project=beykoz-cavusbasi-mustakil-villa"]}]},{"@type":"ImageObject","inLanguage":"tr","@id":"https:\/\/ajans12.com\/?a12_project=beykoz-cavusbasi-mustakil-villa#primaryimage","url":"https:\/\/ajans12.com\/wp-content\/uploads\/2026\/08\/kahverengi_Konak.jpg","contentUrl":"https:\/\/ajans12.com\/wp-content\/uploads\/2026\/08\/kahverengi_Konak.jpg","width":1200,"height":600},{"@type":"BreadcrumbList","@id":"https:\/\/ajans12.com\/?a12_project=beykoz-cavusbasi-mustakil-villa#breadcrumb","itemListElement":[{"@type":"ListItem","position":1,"name":"Anasayfa","item":"https:\/\/ajans12.com\/"},{"@type":"ListItem","position":2,"name":"Projeler","item":"https:\/\/ajans12.com\/?post_type=a12_project"},{"@type":"ListItem","position":3,"name":"Beykoz \u00c7avu\u015fba\u015f\u0131 M\u00fcstakil Villa"}]},{"@type":"WebSite","@id":"https:\/\/ajans12.com\/#website","url":"https:\/\/ajans12.com\/","name":"AJANS 12","description":"Markan\u0131z\u0131 G\u00f6r\u00fcn\u00fcr, Hik\u00e2yenizi Unutulmaz K\u0131l\u0131yoruz.","publisher":{"@id":"https:\/\/ajans12.com\/#organization"},"potentialAction":[{"@type":"SearchAction","target":{"@type":"EntryPoint","urlTemplate":"https:\/\/ajans12.com\/?s={search_term_string}"},"query-input":{"@type":"PropertyValueSpecification","valueRequired":true,"valueName":"search_term_string"}}],"inLanguage":"tr"},{"@type":"Organization","@id":"https:\/\/ajans12.com\/#organization","name":"AJANS 12","url":"https:\/\/ajans12.com\/","logo":{"@type":"ImageObject","inLanguage":"tr","@id":"https:\/\/ajans12.com\/#\/schema\/logo\/image\/","url":"https:\/\/ajans12.com\/wp-content\/uploads\/2026\/08\/cropped-Ajans_12_Vector_Logo_3D_200px.png","contentUrl":"https:\/\/ajans12.com\/wp-content\/uploads\/2026\/08\/cropped-Ajans_12_Vector_Logo_3D_200px.png","width":200,"height":178,"caption":"AJANS 12"},"image":{"@id":"https:\/\/ajans12.com\/#\/schema\/logo\/image\/"}}]}},"_links":{"self":[{"href":"https:\/\/ajans12.com\/index.php?rest_route=\/wp\/v2\/a12_project\/73","targetHints":{"allow":["GET"]}}],"collection":[{"href":"https:\/\/ajans12.com\/index.php?rest_route=\/wp\/v2\/a12_project"}],"about":[{"href":"https:\/\/ajans12.com\/index.php?rest_route=\/wp\/v2\/types\/a12_project"}],"wp:featuredmedia":[{"embeddable":true,"href":"https:\/\/ajans12.com\/index.php?rest_route=\/wp\/v2\/media\/74"}],"wp:attachment":[{"href":"https:\/\/ajans12.com\/index.php?rest_route=%2Fwp%2Fv2%2Fmedia&parent=73"}],"wp:term":[{"taxonomy":"a12_project_category","embeddable":true,"href":"https:\/\/ajans12.com\/index.php?rest_route=%2Fwp%2Fv2%2Fa12_project_category&post=73"}],"curies":[{"name":"wp","href":"https:\/\/api.w.org\/{rel}","templated":true}]}}