{"id":82,"date":"2026-08-14T15:59:51","date_gmt":"2026-08-14T15:59:51","guid":{"rendered":"https:\/\/ajans12.com\/?post_type=a12_service&#038;p=82"},"modified":"2026-08-15T11:13:15","modified_gmt":"2026-08-15T11:13:15","slug":"profesyonel-fotograf-cekimi","status":"publish","type":"a12_service","link":"https:\/\/ajans12.com\/?a12_service=profesyonel-fotograf-cekimi","title":{"rendered":"Profesyonel Foto\u011fraf \u00c7ekimi"},"content":{"rendered":"\n<p class=\"wp-block-paragraph\">\u0130yi bir foto\u011fraf yaln\u0131zca bir g\u00f6r\u00fcnt\u00fc de\u011fildir;&nbsp;<strong>markan\u0131n, \u00fcr\u00fcn\u00fcn, mek\u00e2n\u0131n ve projenin ilk izlenimidir.<\/strong>&nbsp;AJANS 12 olarak profesyonel foto\u011fraf \u00e7ekimleriyle markalar\u0131n ve kurumlar\u0131n g\u00f6rsel d\u00fcnyas\u0131n\u0131 g\u00fc\u00e7lendiriyor, sunduklar\u0131 \u00fcr\u00fcn ve hizmetleri etkili ve nitelikli g\u00f6rsellerle anlat\u0131yoruz.<\/p>\n\n\n\n<p class=\"wp-block-paragraph\">Reklam kampanyalar\u0131ndan kurumsal ileti\u015fime, \u00fcr\u00fcn ve katalog \u00e7ekimlerinden sosyal medya i\u00e7eriklerine;&nbsp;<strong>otel, restoran, ma\u011faza, ofis ve di\u011fer ticari mek\u00e2nlardan gayrimenkul projelerine kadar<\/strong>&nbsp;farkl\u0131 alanlara \u00f6zel foto\u011fraf prod\u00fcksiyonlar\u0131 ger\u00e7ekle\u015ftiriyoruz.<\/p>\n\n\n\n<p class=\"wp-block-paragraph\">Gayrimenkul taraf\u0131nda ise&nbsp;<strong>konut, villa, rezidans, ticari alan, arsa ve proje \u00e7ekimleri<\/strong>&nbsp;ile bir m\u00fclk\u00fcn yaln\u0131zca fiziksel \u00f6zelliklerini de\u011fil, ya\u015fam hissini ve sahip oldu\u011fu de\u011feri de g\u00f6rsel olarak ortaya \u00e7\u0131karmay\u0131 hedefliyoruz. Mek\u00e2n\u0131n mimarisi, \u0131\u015f\u0131\u011f\u0131, detaylar\u0131, kullan\u0131m alanlar\u0131 ve \u00e7evresi; projenin karakterini yans\u0131tacak \u015fekilde ele al\u0131n\u0131yor.<\/p>\n\n\n\n<p class=\"wp-block-paragraph\">Kurumsal \u00e7ekimlerde markan\u0131n profesyonel kimli\u011fini, \u00fcr\u00fcn \u00e7ekimlerinde \u00fcr\u00fcn\u00fcn \u00f6ne \u00e7\u0131kan \u00f6zelliklerini, reklam \u00e7al\u0131\u015fmalar\u0131nda ise kampanyan\u0131n yarat\u0131c\u0131 fikrini destekleyecek g\u00f6rsel dili olu\u015fturuyoruz.<\/p>\n\n\n\n<p class=\"wp-block-paragraph\"><strong>AJANS 12 olarak<\/strong>&nbsp;foto\u011fraf\u0131 yaln\u0131zca bir \u00e7ekim hizmeti olarak de\u011fil;&nbsp;<strong>reklam, marka ileti\u015fimi ve g\u00f6rsel anlat\u0131m\u0131n temel unsurlar\u0131ndan biri<\/strong>&nbsp;olarak g\u00f6r\u00fcyoruz. Her projeyi kendi ihtiyac\u0131na g\u00f6re planl\u0131yor, do\u011fru \u0131\u015f\u0131k, do\u011fru kadraj ve do\u011fru g\u00f6rsel anlat\u0131mla markan\u0131z\u0131n hik\u00e2yesini g\u00fc\u00e7l\u00fc karelere d\u00f6n\u00fc\u015ft\u00fcr\u00fcyoruz.<\/p>\n\n\n\n<h3 class=\"wp-block-heading\">Hizmetin alt\u0131nda k\u0131sa ba\u015fl\u0131klar da kullanabiliriz:<\/h3>\n\n\n\n<p class=\"wp-block-paragraph\"><strong>Reklam &amp; Kampanya Foto\u011fraf\u00e7\u0131l\u0131\u011f\u0131<\/strong><br>Markalar\u0131n reklam ve tan\u0131t\u0131m \u00e7al\u0131\u015fmalar\u0131na \u00f6zel yarat\u0131c\u0131 g\u00f6rseller.<\/p>\n\n\n\n<p class=\"wp-block-paragraph\"><strong>Kurumsal Foto\u011fraf \u00c7ekimi<\/strong><br>\u015eirket, ekip, ofis, \u00fcretim alan\u0131 ve kurumsal ileti\u015fim i\u00e7in profesyonel \u00e7ekimler.<\/p>\n\n\n\n<p class=\"wp-block-paragraph\"><strong>\u00dcr\u00fcn &amp; Katalog \u00c7ekimleri<\/strong><br>\u00dcr\u00fcnlerin e-ticaret, katalog, web sitesi ve reklam kampanyalar\u0131nda kullan\u0131labilecek g\u00f6rselleri.<\/p>\n\n\n\n<p class=\"wp-block-paragraph\"><strong>Mek\u00e2n &amp; Mimari Foto\u011fraf\u00e7\u0131l\u0131k<\/strong><br>Otel, restoran, ma\u011faza, ofis ve ticari alanlar\u0131n profesyonel tan\u0131t\u0131m \u00e7ekimleri.<\/p>\n\n\n\n<p class=\"wp-block-paragraph\"><strong>Gayrimenkul Foto\u011fraf\u00e7\u0131l\u0131\u011f\u0131<\/strong><br>Konut, villa, rezidans, arsa ve projelerin sat\u0131\u015f ve pazarlama s\u00fcre\u00e7lerini destekleyen profesyonel g\u00f6rsel i\u00e7erikler.<\/p>\n","protected":false},"excerpt":{"rendered":"<p>\u0130yi bir foto\u011fraf yaln\u0131zca bir g\u00f6r\u00fcnt\u00fc de\u011fildir;&nbsp;markan\u0131n, \u00fcr\u00fcn\u00fcn, mek\u00e2n\u0131n ve projenin ilk izlenimidir.&nbsp;AJANS 12 olarak profesyonel foto\u011fraf \u00e7ekimleriyle markalar\u0131n ve kurumlar\u0131n g\u00f6rsel d\u00fcnyas\u0131n\u0131 g\u00fc\u00e7lendiriyor, sunduklar\u0131 \u00fcr\u00fcn ve hizmetleri etkili ve nitelikli g\u00f6rsellerle anlat\u0131yoruz. Reklam kampanyalar\u0131ndan kurumsal ileti\u015fime, \u00fcr\u00fcn ve katalog \u00e7ekimlerinden sosyal medya i\u00e7eriklerine;&nbsp;otel, restoran, ma\u011faza, ofis ve di\u011fer ticari mek\u00e2nlardan gayrimenkul projelerine kadar&nbsp;farkl\u0131 alanlara [&hellip;]<\/p>\n","protected":false},"featured_media":111,"template":"","a12_service_category":[22],"class_list":["post-82","a12_service","type-a12_service","status-publish","has-post-thumbnail","hentry","a12_service_category-profesyonel-fotograf-cekimi"],"yoast_head":"<!-- This site is optimized with the Yoast SEO plugin v28.2 - https:\/\/yoast.com\/product\/yoast-seo-wordpress\/ -->\n<title>Profesyonel Foto\u011fraf \u00c7ekimi - AJANS 12<\/title>\n<meta name=\"robots\" content=\"index, follow, max-snippet:-1, max-image-preview:large, max-video-preview:-1\" \/>\n<link rel=\"canonical\" href=\"https:\/\/ajans12.com\/?a12_service=profesyonel-fotograf-cekimi\" \/>\n<meta property=\"og:locale\" content=\"tr_TR\" \/>\n<meta property=\"og:type\" content=\"article\" \/>\n<meta property=\"og:title\" content=\"Profesyonel Foto\u011fraf \u00c7ekimi - AJANS 12\" \/>\n<meta property=\"og:description\" content=\"\u0130yi bir foto\u011fraf yaln\u0131zca bir g\u00f6r\u00fcnt\u00fc de\u011fildir;&nbsp;markan\u0131n, \u00fcr\u00fcn\u00fcn, mek\u00e2n\u0131n ve projenin ilk izlenimidir.&nbsp;AJANS 12 olarak profesyonel foto\u011fraf \u00e7ekimleriyle markalar\u0131n ve kurumlar\u0131n g\u00f6rsel d\u00fcnyas\u0131n\u0131 g\u00fc\u00e7lendiriyor, sunduklar\u0131 \u00fcr\u00fcn ve hizmetleri etkili ve nitelikli g\u00f6rsellerle anlat\u0131yoruz. Reklam kampanyalar\u0131ndan kurumsal ileti\u015fime, \u00fcr\u00fcn ve katalog \u00e7ekimlerinden sosyal medya i\u00e7eriklerine;&nbsp;otel, restoran, ma\u011faza, ofis ve di\u011fer ticari mek\u00e2nlardan gayrimenkul projelerine kadar&nbsp;farkl\u0131 alanlara [&hellip;]\" \/>\n<meta property=\"og:url\" content=\"https:\/\/ajans12.com\/?a12_service=profesyonel-fotograf-cekimi\" \/>\n<meta property=\"og:site_name\" content=\"AJANS 12\" \/>\n<meta property=\"article:modified_time\" content=\"2026-08-15T11:13:15+00:00\" \/>\n<meta property=\"og:image\" content=\"https:\/\/ajans12.com\/wp-content\/uploads\/2026\/08\/Photo_Mach.jpg\" \/>\n\t<meta property=\"og:image:width\" content=\"1200\" \/>\n\t<meta property=\"og:image:height\" content=\"600\" \/>\n\t<meta property=\"og:image:type\" content=\"image\/jpeg\" \/>\n<meta name=\"twitter:card\" content=\"summary_large_image\" \/>\n<meta name=\"twitter:label1\" content=\"Tahmini okuma s\u00fcresi\" \/>\n\t<meta name=\"twitter:data1\" content=\"2 dakika\" \/>\n<script type=\"application\/ld+json\" class=\"yoast-schema-graph\">{\"@context\":\"https:\\\/\\\/schema.org\",\"@graph\":[{\"@type\":\"WebPage\",\"@id\":\"https:\\\/\\\/ajans12.com\\\/?a12_service=profesyonel-fotograf-cekimi\",\"url\":\"https:\\\/\\\/ajans12.com\\\/?a12_service=profesyonel-fotograf-cekimi\",\"name\":\"Profesyonel Foto\u011fraf \u00c7ekimi - AJANS 12\",\"isPartOf\":{\"@id\":\"https:\\\/\\\/ajans12.com\\\/#website\"},\"primaryImageOfPage\":{\"@id\":\"https:\\\/\\\/ajans12.com\\\/?a12_service=profesyonel-fotograf-cekimi#primaryimage\"},\"image\":{\"@id\":\"https:\\\/\\\/ajans12.com\\\/?a12_service=profesyonel-fotograf-cekimi#primaryimage\"},\"thumbnailUrl\":\"https:\\\/\\\/ajans12.com\\\/wp-content\\\/uploads\\\/2026\\\/08\\\/Photo_Mach.jpg\",\"datePublished\":\"2026-08-14T15:59:51+00:00\",\"dateModified\":\"2026-08-15T11:13:15+00:00\",\"breadcrumb\":{\"@id\":\"https:\\\/\\\/ajans12.com\\\/?a12_service=profesyonel-fotograf-cekimi#breadcrumb\"},\"inLanguage\":\"tr\",\"potentialAction\":[{\"@type\":\"ReadAction\",\"target\":[\"https:\\\/\\\/ajans12.com\\\/?a12_service=profesyonel-fotograf-cekimi\"]}]},{\"@type\":\"ImageObject\",\"inLanguage\":\"tr\",\"@id\":\"https:\\\/\\\/ajans12.com\\\/?a12_service=profesyonel-fotograf-cekimi#primaryimage\",\"url\":\"https:\\\/\\\/ajans12.com\\\/wp-content\\\/uploads\\\/2026\\\/08\\\/Photo_Mach.jpg\",\"contentUrl\":\"https:\\\/\\\/ajans12.com\\\/wp-content\\\/uploads\\\/2026\\\/08\\\/Photo_Mach.jpg\",\"width\":1200,\"height\":600},{\"@type\":\"BreadcrumbList\",\"@id\":\"https:\\\/\\\/ajans12.com\\\/?a12_service=profesyonel-fotograf-cekimi#breadcrumb\",\"itemListElement\":[{\"@type\":\"ListItem\",\"position\":1,\"name\":\"Anasayfa\",\"item\":\"https:\\\/\\\/ajans12.com\\\/\"},{\"@type\":\"ListItem\",\"position\":2,\"name\":\"Hizmetler\",\"item\":\"https:\\\/\\\/ajans12.com\\\/?post_type=a12_service\"},{\"@type\":\"ListItem\",\"position\":3,\"name\":\"Profesyonel Foto\u011fraf \u00c7ekimi\"}]},{\"@type\":\"WebSite\",\"@id\":\"https:\\\/\\\/ajans12.com\\\/#website\",\"url\":\"https:\\\/\\\/ajans12.com\\\/\",\"name\":\"AJANS 12\",\"description\":\"Markan\u0131z\u0131 G\u00f6r\u00fcn\u00fcr, Hik\u00e2yenizi Unutulmaz K\u0131l\u0131yoruz.\",\"publisher\":{\"@id\":\"https:\\\/\\\/ajans12.com\\\/#organization\"},\"potentialAction\":[{\"@type\":\"SearchAction\",\"target\":{\"@type\":\"EntryPoint\",\"urlTemplate\":\"https:\\\/\\\/ajans12.com\\\/?s={search_term_string}\"},\"query-input\":{\"@type\":\"PropertyValueSpecification\",\"valueRequired\":true,\"valueName\":\"search_term_string\"}}],\"inLanguage\":\"tr\"},{\"@type\":\"Organization\",\"@id\":\"https:\\\/\\\/ajans12.com\\\/#organization\",\"name\":\"AJANS 12\",\"url\":\"https:\\\/\\\/ajans12.com\\\/\",\"logo\":{\"@type\":\"ImageObject\",\"inLanguage\":\"tr\",\"@id\":\"https:\\\/\\\/ajans12.com\\\/#\\\/schema\\\/logo\\\/image\\\/\",\"url\":\"https:\\\/\\\/ajans12.com\\\/wp-content\\\/uploads\\\/2026\\\/08\\\/cropped-Ajans_12_Vector_Logo_3D_200px.png\",\"contentUrl\":\"https:\\\/\\\/ajans12.com\\\/wp-content\\\/uploads\\\/2026\\\/08\\\/cropped-Ajans_12_Vector_Logo_3D_200px.png\",\"width\":200,\"height\":178,\"caption\":\"AJANS 12\"},\"image\":{\"@id\":\"https:\\\/\\\/ajans12.com\\\/#\\\/schema\\\/logo\\\/image\\\/\"}}]}<\/script>\n<!-- \/ Yoast SEO plugin. -->","yoast_head_json":{"title":"Profesyonel Foto\u011fraf \u00c7ekimi - AJANS 12","robots":{"index":"index","follow":"follow","max-snippet":"max-snippet:-1","max-image-preview":"max-image-preview:large","max-video-preview":"max-video-preview:-1"},"canonical":"https:\/\/ajans12.com\/?a12_service=profesyonel-fotograf-cekimi","og_locale":"tr_TR","og_type":"article","og_title":"Profesyonel Foto\u011fraf \u00c7ekimi - AJANS 12","og_description":"\u0130yi bir foto\u011fraf yaln\u0131zca bir g\u00f6r\u00fcnt\u00fc de\u011fildir;&nbsp;markan\u0131n, \u00fcr\u00fcn\u00fcn, mek\u00e2n\u0131n ve projenin ilk izlenimidir.&nbsp;AJANS 12 olarak profesyonel foto\u011fraf \u00e7ekimleriyle markalar\u0131n ve kurumlar\u0131n g\u00f6rsel d\u00fcnyas\u0131n\u0131 g\u00fc\u00e7lendiriyor, sunduklar\u0131 \u00fcr\u00fcn ve hizmetleri etkili ve nitelikli g\u00f6rsellerle anlat\u0131yoruz. Reklam kampanyalar\u0131ndan kurumsal ileti\u015fime, \u00fcr\u00fcn ve katalog \u00e7ekimlerinden sosyal medya i\u00e7eriklerine;&nbsp;otel, restoran, ma\u011faza, ofis ve di\u011fer ticari mek\u00e2nlardan gayrimenkul projelerine kadar&nbsp;farkl\u0131 alanlara [&hellip;]","og_url":"https:\/\/ajans12.com\/?a12_service=profesyonel-fotograf-cekimi","og_site_name":"AJANS 12","article_modified_time":"2026-08-15T11:13:15+00:00","og_image":[{"width":1200,"height":600,"url":"https:\/\/ajans12.com\/wp-content\/uploads\/2026\/08\/Photo_Mach.jpg","type":"image\/jpeg"}],"twitter_card":"summary_large_image","twitter_misc":{"Tahmini okuma s\u00fcresi":"2 dakika"},"schema":{"@context":"https:\/\/schema.org","@graph":[{"@type":"WebPage","@id":"https:\/\/ajans12.com\/?a12_service=profesyonel-fotograf-cekimi","url":"https:\/\/ajans12.com\/?a12_service=profesyonel-fotograf-cekimi","name":"Profesyonel Foto\u011fraf \u00c7ekimi - AJANS 12","isPartOf":{"@id":"https:\/\/ajans12.com\/#website"},"primaryImageOfPage":{"@id":"https:\/\/ajans12.com\/?a12_service=profesyonel-fotograf-cekimi#primaryimage"},"image":{"@id":"https:\/\/ajans12.com\/?a12_service=profesyonel-fotograf-cekimi#primaryimage"},"thumbnailUrl":"https:\/\/ajans12.com\/wp-content\/uploads\/2026\/08\/Photo_Mach.jpg","datePublished":"2026-08-14T15:59:51+00:00","dateModified":"2026-08-15T11:13:15+00:00","breadcrumb":{"@id":"https:\/\/ajans12.com\/?a12_service=profesyonel-fotograf-cekimi#breadcrumb"},"inLanguage":"tr","potentialAction":[{"@type":"ReadAction","target":["https:\/\/ajans12.com\/?a12_service=profesyonel-fotograf-cekimi"]}]},{"@type":"ImageObject","inLanguage":"tr","@id":"https:\/\/ajans12.com\/?a12_service=profesyonel-fotograf-cekimi#primaryimage","url":"https:\/\/ajans12.com\/wp-content\/uploads\/2026\/08\/Photo_Mach.jpg","contentUrl":"https:\/\/ajans12.com\/wp-content\/uploads\/2026\/08\/Photo_Mach.jpg","width":1200,"height":600},{"@type":"BreadcrumbList","@id":"https:\/\/ajans12.com\/?a12_service=profesyonel-fotograf-cekimi#breadcrumb","itemListElement":[{"@type":"ListItem","position":1,"name":"Anasayfa","item":"https:\/\/ajans12.com\/"},{"@type":"ListItem","position":2,"name":"Hizmetler","item":"https:\/\/ajans12.com\/?post_type=a12_service"},{"@type":"ListItem","position":3,"name":"Profesyonel Foto\u011fraf \u00c7ekimi"}]},{"@type":"WebSite","@id":"https:\/\/ajans12.com\/#website","url":"https:\/\/ajans12.com\/","name":"AJANS 12","description":"Markan\u0131z\u0131 G\u00f6r\u00fcn\u00fcr, Hik\u00e2yenizi Unutulmaz K\u0131l\u0131yoruz.","publisher":{"@id":"https:\/\/ajans12.com\/#organization"},"potentialAction":[{"@type":"SearchAction","target":{"@type":"EntryPoint","urlTemplate":"https:\/\/ajans12.com\/?s={search_term_string}"},"query-input":{"@type":"PropertyValueSpecification","valueRequired":true,"valueName":"search_term_string"}}],"inLanguage":"tr"},{"@type":"Organization","@id":"https:\/\/ajans12.com\/#organization","name":"AJANS 12","url":"https:\/\/ajans12.com\/","logo":{"@type":"ImageObject","inLanguage":"tr","@id":"https:\/\/ajans12.com\/#\/schema\/logo\/image\/","url":"https:\/\/ajans12.com\/wp-content\/uploads\/2026\/08\/cropped-Ajans_12_Vector_Logo_3D_200px.png","contentUrl":"https:\/\/ajans12.com\/wp-content\/uploads\/2026\/08\/cropped-Ajans_12_Vector_Logo_3D_200px.png","width":200,"height":178,"caption":"AJANS 12"},"image":{"@id":"https:\/\/ajans12.com\/#\/schema\/logo\/image\/"}}]}},"_links":{"self":[{"href":"https:\/\/ajans12.com\/index.php?rest_route=\/wp\/v2\/a12_service\/82","targetHints":{"allow":["GET"]}}],"collection":[{"href":"https:\/\/ajans12.com\/index.php?rest_route=\/wp\/v2\/a12_service"}],"about":[{"href":"https:\/\/ajans12.com\/index.php?rest_route=\/wp\/v2\/types\/a12_service"}],"wp:featuredmedia":[{"embeddable":true,"href":"https:\/\/ajans12.com\/index.php?rest_route=\/wp\/v2\/media\/111"}],"wp:attachment":[{"href":"https:\/\/ajans12.com\/index.php?rest_route=%2Fwp%2Fv2%2Fmedia&parent=82"}],"wp:term":[{"taxonomy":"a12_service_category","embeddable":true,"href":"https:\/\/ajans12.com\/index.php?rest_route=%2Fwp%2Fv2%2Fa12_service_category&post=82"}],"curies":[{"name":"wp","href":"https:\/\/api.w.org\/{rel}","templated":true}]}}